{"id":418,"date":"2015-03-12T09:21:28","date_gmt":"2015-03-12T08:21:28","guid":{"rendered":"http:\/\/www.zakud-kazup.hr\/?page_id=418"},"modified":"2026-04-29T10:22:53","modified_gmt":"2026-04-29T09:22:53","slug":"kud-vrhovac-ozalj","status":"publish","type":"page","link":"https:\/\/www.zakud-kazup.hr\/?page_id=418","title":{"rendered":"KUD &#8220;VRHOVAC&#8221; OZALJ"},"content":{"rendered":"<div class=\"wp-block-image\">\n<figure class=\"aligncenter size-large is-resized\"><img decoding=\"async\" loading=\"lazy\" src=\"https:\/\/www.zakud-kazup.hr\/wp-content\/uploads\/2026\/04\/IMG-718bbb527ed4a3c67a3acc2eb8bd666d-V-1-1024x682.jpg\" alt=\"\" class=\"wp-image-8034\" width=\"768\" height=\"512\" srcset=\"https:\/\/www.zakud-kazup.hr\/wp-content\/uploads\/2026\/04\/IMG-718bbb527ed4a3c67a3acc2eb8bd666d-V-1-1024x682.jpg 1024w, https:\/\/www.zakud-kazup.hr\/wp-content\/uploads\/2026\/04\/IMG-718bbb527ed4a3c67a3acc2eb8bd666d-V-1-300x200.jpg 300w, https:\/\/www.zakud-kazup.hr\/wp-content\/uploads\/2026\/04\/IMG-718bbb527ed4a3c67a3acc2eb8bd666d-V-1-1536x1023.jpg 1536w, https:\/\/www.zakud-kazup.hr\/wp-content\/uploads\/2026\/04\/IMG-718bbb527ed4a3c67a3acc2eb8bd666d-V-1-24x16.jpg 24w, https:\/\/www.zakud-kazup.hr\/wp-content\/uploads\/2026\/04\/IMG-718bbb527ed4a3c67a3acc2eb8bd666d-V-1-36x24.jpg 36w, https:\/\/www.zakud-kazup.hr\/wp-content\/uploads\/2026\/04\/IMG-718bbb527ed4a3c67a3acc2eb8bd666d-V-1-48x32.jpg 48w, https:\/\/www.zakud-kazup.hr\/wp-content\/uploads\/2026\/04\/IMG-718bbb527ed4a3c67a3acc2eb8bd666d-V-1-750x500.jpg 750w, https:\/\/www.zakud-kazup.hr\/wp-content\/uploads\/2026\/04\/IMG-718bbb527ed4a3c67a3acc2eb8bd666d-V-1.jpg 1600w\" sizes=\"(max-width: 768px) 100vw, 768px\" \/><\/figure><\/div>\n\n\n<div class=\"wp-block-columns is-layout-flex wp-container-2\">\n<div class=\"wp-block-column is-layout-flow\"><\/div>\n<\/div>\n\n\n\n<p class=\"has-text-align-center\"><b><strong>Slu\u017ebeni naziv udruge<\/strong>:<\/b> Kulturno-umjetni\u010dko dru\u0161tvo \u201eVrhovac\u201c Ozalj<\/p>\n\n\n\n<p class=\"has-text-align-center\"><b><strong>Adresa:<\/strong> <\/b>Vrhovac bb, 47280 OZALJ<\/p>\n\n\n\n<p class=\"has-text-align-center\"><b><strong>Ime i prezime predsjednice udruge s kontaktom<\/strong>:<\/b> GORDANA FERENAC, 091\/531-7524<\/p>\n\n\n\n<p class=\"has-text-align-center\"><strong><b>Ime i prezime tajnice udruge:<\/b> <\/strong>ANITA KIRIN\u010cI\u0106<\/p>\n\n\n\n<p class=\"has-text-align-center\"><strong>E-mail adresa: <\/strong>kud.vrhovac@gmail.com<\/p>\n\n\n\n<p class=\"has-text-align-center\"><b><strong>Broj \u010dlanova udruge:<\/strong> <\/b>40<\/p>\n\n\n\n<p class=\"has-text-align-center\"><b><strong>Sekcije udruge:<\/strong><\/b><\/p>\n\n\n\n<p class=\"has-text-align-center\">\u2022 Folklorna sekcija<br>\u2022 Pjeva\u010dka sekcija<br>\u2022 Narodni orkestar<br>\u2022 Dramsko-literarna sekcija<br>\u2022 Dje\u010dja sekcija<\/p>\n\n\n\n<p class=\"has-text-align-center\"><b><strong>Voditelj folklorne sekcije<\/strong>: <\/b>MARIJAN SUDAC<\/p>\n\n\n\n<p class=\"has-text-align-center\"><b><strong>Voditelj dje\u010dje sekcije:<\/strong><\/b> VESNA KOLAR<\/p>\n\n\n\n<p class=\"has-text-align-center\"><strong><b>OIB udruge:<\/b> <\/strong>52049438348<\/p>\n\n\n\n<p class=\"has-text-align-center\"><b><strong>IBAN udruge: <\/strong><\/b>2400008-1190115526<\/p>\n\n\n\n<div class=\"wp-block-columns is-layout-flex wp-container-4\">\n<div class=\"wp-block-column is-layout-flow\"><\/div>\n<\/div>\n\n\n\n<p>KUD \u201cVrhovac\u201d nastao je 2000. godine sa ciljem o\u010duvanja narodnih obi\u010daja i kulturne ba\u0161tine svoga kraja. Broji 40 aktivnih \u010dlanova koji djeluju u folklornoj i pjeva\u010dkoj sekciji, narodnom orkestru i dramsko-literarnoj sekciji. U kontinuiranom radu dru\u0161tva djeluje i dje\u010dja sekcija koja broji 15-tak \u010dlanova mla\u0111e dobi, i koja redovito sudjeluje na raznim smotrama diljem lijepe na\u0161e.<\/p>\n\n\n\n<p>KUD \u201eVrhovac\u201c osniva\u010d je i organizator manifestacije \u201eStare seoske igre\u201c koje se tradicionalno odr\u017eavaju svaki tre\u0107i vikend u srpnju, &nbsp;s ciljem o\u010duvanja i prezentiranja starih seoskih igara, obi\u010daja i vje\u0161tina, ugo\u0161\u0107uju\u0107i pritom kulturno-umjetni\u010dka dru\u0161tva iz drugih krajeva Hrvatske, ali i inozemstva.<\/p>\n\n\n\n<p>Dru\u0161tvo je do sada odr\u017ealo preko 400 nastupa u zemlji i inozemstvu, od kojih su najzna\u010dajniji bili nastupi u Poljskoj, \u010ce\u0161koj, Bosni i Hercegovini, Sloveniji i Austriji. Od gostovanja u Hrvatskoj mogu se izdvojiti nastupi na smotrama u Voloderu, Pleternici, Batrini, Letovani\u0107u, Slavonskom Brodu i Ogulinu.<\/p>\n\n\n\n<p>Godine 2009. KUD \u201cVrhovac\u201d je predstavljao Karlova\u010dku \u017eupaniju na 44. Vinkova\u010dkim jesenima, a 2010.godine obilje\u017eilo je desetu obljetnicu postojanja izdavanjem nosa\u010da zvuka pod nazivom \u201eDa sam be\u0107arica\u201d i sve\u010danim koncertom.<\/p>\n\n\n\n<p>Dru\u0161tvo je dobitnik javnog priznanja grada Ozlja za doprinos i o\u010duvanje kulturne ba\u0161tine svoga kraja.<\/p>\n\n\n\n<p><strong>OPIS NARODNE NO\u0160NJE<\/strong><\/p>\n\n\n\n<ul>\n<li><b><em>\u017denska no\u0161nja&nbsp;&nbsp;&nbsp;&nbsp;&nbsp;&nbsp;&nbsp;&nbsp;&nbsp;&nbsp;&nbsp;&nbsp;&nbsp;&nbsp;&nbsp;&nbsp;&nbsp;&nbsp;&nbsp;&nbsp;&nbsp;&nbsp;<\/em> &nbsp;&nbsp;&nbsp;&nbsp;&nbsp;&nbsp;&nbsp;&nbsp;&nbsp;&nbsp; <\/b><\/li>\n<\/ul>\n\n\n\n<p>\u017dena na glavi nosi crvenu maramu (<i>\u010drleni rubac<\/i>) ili <i>svilenja\u0161<\/i> ispod kojeg je jalba i <i>vupletki<\/i>, slo\u017eeni na dvije pletenice. Ista je obu\u010dena u <i>ople\u0107e<\/i> ukra\u0161eno na poprsju uskim faldicama, <i>anjzacima<\/i> i \u010dipkama. Orukavlje (<i>farka\u0161i<\/i>) jednako su ukra\u0161eni kao i poprsje (prvi stan), a na ramenima su <i>kozice<\/i>, specifi\u010dan vrhova\u010dki detalj (umetak na kojem je izra\u0111en vrlo zahtjevan bod <i>nit po nit<\/i> uvijek <i>bijelo na bijelom<\/i>). <i>Le\u0111a<\/i> (zadnji stan) su usko faldana po cijeloj du\u017eini. U zimskom periodu \u017eena povrh <i>ople\u0107a<\/i> nosi i crveni <i>ko\u017euh <\/i>ukra\u0161en trakama i svilenim na\u0161ivom (npr. motiv buket ru\u017ea s pupoljcima). U struku nosi <i>pas<\/i> boje starog zlata s crnim uzorkom.<\/p>\n\n\n\n<p>Ni\u017ee struka obu\u010dena je u prega\u010du (<i>zastor<\/i>) koji je krojen <i>na \u010do\u0161kove<\/i> te ukra\u0161en kao i gornji dio. U sve\u010danim prilikama preko njega se stavlja crveni rubac ili <i>svilenja\u0161<\/i> u skladu sa oglavljem. Ispod zastora je <i>ruba\u010da<\/i> \u010diji je zadnji dio uski faldan, a prednji gladak. Ispod nje su tri podsuknje (<i>dolnja\u010de<\/i>): najdonja &#8211; kratka i u\u017ea, druga &#8211; \u0161ira i du\u017ea sa \u010dipkom i tre\u0107a &#8211; bogato nabrana u tri granira, sa najbogatijom \u010dipkom.<\/p>\n\n\n\n<p>Na nogama se nose \u010darape (<i>la\u010dice<\/i>) boje zemlje koje su podvezane uskom tkanom trakom (<i>bradi\u0161njikom<\/i>). Obuvena je u crne ko\u017ene <i>postolce<\/i>, u zimskom periodu \u010dizmice.<\/p>\n\n\n\n<p>Od ukrasa na prsima nosi se&nbsp;<i>\u0111un\u0111<\/i> od osam redi na vi\u0161e, ovisno o imu\u0107nosti obitelji.<\/p>\n\n\n\n<ul>\n<li><b><em>Mu\u0161ka no\u0161nja<\/em><\/b><\/li>\n<\/ul>\n\n\n\n<p>Mu\u0161karac ili mladi\u0107 na glavi nosi crni \u0161e\u0161ir (<i>\u010drni krljak<\/i>) na kojemu je u sve\u010danim prilikama vezana trobojnica, pa \u010dak i umetak npr. cvijet, pero, kitica i sli\u010dno. Obu\u010den je u <i>ruba\u010du<\/i> izra\u0111enu od doma\u0107eg tkanog platna sa ukra\u0161enim poprsjem (prvi stan), faldicama, uskim bijelim <i>anjzacima<\/i> i trakama, ispod \u010dega je nekoliko nabora koji se faldaju (<i>tiglaju<\/i>). <i>Le\u0111a<\/i> (zadnji stan) su tako\u0111er<i> tiglana<\/i> u sredini, cijelom du\u017einom. Na rukavima (<i>farka\u0161ima<\/i>) izra\u0111ene su uske <i>tiglane<\/i> faldice, pre\u0161ivene tri puta sa duplim bodom i zavr\u0161ava sa <i>mand\u017eetom<\/i>. Imu\u0107niji mu\u0161karci u pasu nose \u0161iroki ko\u017eni remen sa velikom rinkom. Isti je obu\u010den u <i>ga\u0107e<\/i> koje imaju me\u0111u nogavicama u\u0161ivenu kocku platna (<i>turo<\/i>). Nogavice su ukra\u0161ene <i>pukanicom<\/i> ili modro plavim na\u0161ivom (kri\u017ei\u0107ima cik-cak uzorka). Zavr\u0161avaju duplim po\u0161ivom sa resicama (<i>\u0161tranjclima<\/i>). Obuven je u crne ko\u017ene <i>postolce<\/i>.<\/p>\n","protected":false},"excerpt":{"rendered":"<p>Slu\u017ebeni naziv udruge: Kulturno-umjetni\u010dko dru\u0161tvo \u201eVrhovac\u201c Ozalj Adresa: Vrhovac bb, 47280 OZALJ Ime i prezime predsjednice udruge s kontaktom: GORDANA FERENAC, 091\/531-7524 Ime i prezime tajnice udruge: ANITA KIRIN\u010cI\u0106 E-mail <a href=\"https:\/\/www.zakud-kazup.hr\/?page_id=418\" class=\"more-link\">[&hellip;]<\/a><\/p>\n","protected":false},"author":2,"featured_media":0,"parent":171,"menu_order":0,"comment_status":"closed","ping_status":"closed","template":"","meta":{"Layout":""},"_links":{"self":[{"href":"https:\/\/www.zakud-kazup.hr\/index.php?rest_route=\/wp\/v2\/pages\/418"}],"collection":[{"href":"https:\/\/www.zakud-kazup.hr\/index.php?rest_route=\/wp\/v2\/pages"}],"about":[{"href":"https:\/\/www.zakud-kazup.hr\/index.php?rest_route=\/wp\/v2\/types\/page"}],"author":[{"embeddable":true,"href":"https:\/\/www.zakud-kazup.hr\/index.php?rest_route=\/wp\/v2\/users\/2"}],"replies":[{"embeddable":true,"href":"https:\/\/www.zakud-kazup.hr\/index.php?rest_route=%2Fwp%2Fv2%2Fcomments&post=418"}],"version-history":[{"count":12,"href":"https:\/\/www.zakud-kazup.hr\/index.php?rest_route=\/wp\/v2\/pages\/418\/revisions"}],"predecessor-version":[{"id":8036,"href":"https:\/\/www.zakud-kazup.hr\/index.php?rest_route=\/wp\/v2\/pages\/418\/revisions\/8036"}],"up":[{"embeddable":true,"href":"https:\/\/www.zakud-kazup.hr\/index.php?rest_route=\/wp\/v2\/pages\/171"}],"wp:attachment":[{"href":"https:\/\/www.zakud-kazup.hr\/index.php?rest_route=%2Fwp%2Fv2%2Fmedia&parent=418"}],"curies":[{"name":"wp","href":"https:\/\/api.w.org\/{rel}","templated":true}]}}