{"id":2059,"date":"2016-07-07T13:24:50","date_gmt":"2016-07-07T12:24:50","guid":{"rendered":"http:\/\/www.zakud-kazup.hr\/?page_id=2059"},"modified":"2024-08-13T18:41:07","modified_gmt":"2024-08-13T17:41:07","slug":"kud-lipovac-generalski-stol","status":"publish","type":"page","link":"https:\/\/www.zakud-kazup.hr\/?page_id=2059","title":{"rendered":"KUD &#8220;LIPOVAC&#8221; GENERALSKI STOL"},"content":{"rendered":"<div class=\"wp-block-image\">\n<figure class=\"aligncenter size-large is-resized\"><img decoding=\"async\" loading=\"lazy\" src=\"https:\/\/www.zakud-kazup.hr\/wp-content\/uploads\/2024\/08\/lipovac-1024x768.jpg\" alt=\"\" class=\"wp-image-6828\" width=\"512\" height=\"384\" srcset=\"https:\/\/www.zakud-kazup.hr\/wp-content\/uploads\/2024\/08\/lipovac-1024x768.jpg 1024w, https:\/\/www.zakud-kazup.hr\/wp-content\/uploads\/2024\/08\/lipovac-300x225.jpg 300w, https:\/\/www.zakud-kazup.hr\/wp-content\/uploads\/2024\/08\/lipovac-1536x1152.jpg 1536w, https:\/\/www.zakud-kazup.hr\/wp-content\/uploads\/2024\/08\/lipovac-150x113.jpg 150w, https:\/\/www.zakud-kazup.hr\/wp-content\/uploads\/2024\/08\/lipovac-24x18.jpg 24w, https:\/\/www.zakud-kazup.hr\/wp-content\/uploads\/2024\/08\/lipovac-36x27.jpg 36w, https:\/\/www.zakud-kazup.hr\/wp-content\/uploads\/2024\/08\/lipovac-48x36.jpg 48w, https:\/\/www.zakud-kazup.hr\/wp-content\/uploads\/2024\/08\/lipovac.jpg 1600w\" sizes=\"(max-width: 512px) 100vw, 512px\" \/><\/figure><\/div>\n\n\n<div class=\"wp-block-columns is-layout-flex wp-container-2\">\n<div class=\"wp-block-column is-layout-flow\"><\/div>\n<\/div>\n\n\n\n<p class=\"has-text-align-center\"><strong>Adresa:&nbsp;<\/strong>Generalski Stol 32,&nbsp;47262 GENERALSKI STOL<\/p>\n\n\n\n<p class=\"has-text-align-center\"><strong>Ime i prezime predsjednika udruge sa kontaktom:&nbsp;<\/strong>IVANKA MALOVI\u0106,&nbsp;095 \/ 9110 &#8211; 070<\/p>\n\n\n\n<p class=\"has-text-align-center\"><strong>Broj \u010dlanova udruge:<\/strong>&nbsp;53<\/p>\n\n\n\n<p class=\"has-text-align-center\"><strong>Sekcije udruge:<\/strong><\/p>\n\n\n\n<p class=\"has-text-align-center\">\u2022 Folklorna sekcija odraslih<br>\u2022 Dje\u010dja folklorna sekcija<br>\u2022 Glazbena sekcija<\/p>\n\n\n\n<p class=\"has-text-align-center\"><strong>Voditelj folklorne&nbsp;sekcije odraslih:&nbsp;<\/strong>LANA LEGEK,&nbsp;095 \/ 9680 &#8211; 150<\/p>\n\n\n\n<p class=\"has-text-align-center\"><strong>Voditelj dje\u010dje folklorne&nbsp;sekcije:<\/strong> LUCIJA MALOVI\u0106, &nbsp;095 \/ 5330 &#8211; 546<\/p>\n\n\n\n<p class=\"has-text-align-center\"><strong>Voditelj dramske sekcije:&nbsp;<\/strong>LUCIJA MALOVI\u0106, &nbsp;095 \/ 5330 &#8211; 546<\/p>\n\n\n\n<p class=\"has-text-align-center\"><strong>E-mail adresa:&nbsp;<\/strong>kudlipovac@gmail.com<\/p>\n\n\n\n<p class=\"has-text-align-center\"><strong>OIB udruge:&nbsp;<\/strong>21448383037<\/p>\n\n\n\n<div class=\"wp-block-columns is-layout-flex wp-container-4\">\n<div class=\"wp-block-column is-layout-flow\"><\/div>\n<\/div>\n\n\n\n<p class=\"has-text-align-left\">KUD \u201eLipovac\u201c osnovan je 22. o\u017eujka 1986. godine s ciljem \u010duvanja i njegovanja kulturne ba\u0161tine svoga kraja, ali i drugih podru\u010dja Republike Hrvatske. Broji oko 50 \u010dlanova u folklornoj sekciji odraslih, dje\u010djoj folklornoj sekciji i tambura\u0161kom sastavu, a bavi se izvornim i koreografiranim folklorom.<\/p>\n\n\n\n<p class=\"has-text-align-left\">U mjestu djelovanja dru\u0161tvo je glavni nositelj kulturnih doga\u0111anja u kojem odr\u017eava tradicijske manifestacije kao \u0161to su <em>Poklade<\/em> i <em>Jurja\u0161i<\/em> te je organizator Susreta folklornih dru\u0161tava, Susreta dje\u010djih folklornih skupina i bo\u017ei\u0107nog koncerta na koje poziva dru\u0161tva iz raznih dijelova Republike Hrvatske i inozemstva. Zahvaljuju\u0107i tome Dru\u0161tvo je steklo mnoge prijatelje i ostvarilo gostovanja diljem Lijepe na\u0161e&nbsp;sudjeluju\u0107i na raznim folklornim manifestacijama lokalnog, regionalnog i dr\u017eavnog karaktera, kao i na smotrama me\u0111unarodnog karaktera u domovini te u Republikama Makedoniji, Bosni i Hercegovini&nbsp; i&nbsp; Gr\u010dkoj.<\/p>\n\n\n\n<p class=\"has-text-align-left\">Za svoj rad Dru\u0161tvo je primilo niz zahvalnica, priznanja i nagrada, a zahvaljuju\u0107i redovitom sudjelovanju na \u017dupanijskoj smotri izvornog folklora i na Smotri dje\u010djeg folklora Karlova\u010dke \u017eupanije po ocjeni prosudbene komisije nekoliko puta je predstavljalo svoju \u017eupaniju na smotrama \u017eupanijskog i dr\u017eavnog karaktera.<\/p>\n","protected":false},"excerpt":{"rendered":"<p>Adresa:&nbsp;Generalski Stol 32,&nbsp;47262 GENERALSKI STOL Ime i prezime predsjednika udruge sa kontaktom:&nbsp;IVANKA MALOVI\u0106,&nbsp;095 \/ 9110 &#8211; 070 Broj \u010dlanova udruge:&nbsp;53 Sekcije udruge: \u2022 Folklorna sekcija odraslih\u2022 Dje\u010dja folklorna sekcija\u2022 Glazbena <a href=\"https:\/\/www.zakud-kazup.hr\/?page_id=2059\" class=\"more-link\">[&hellip;]<\/a><\/p>\n","protected":false},"author":2,"featured_media":0,"parent":171,"menu_order":0,"comment_status":"closed","ping_status":"closed","template":"","meta":{"Layout":""},"_links":{"self":[{"href":"https:\/\/www.zakud-kazup.hr\/index.php?rest_route=\/wp\/v2\/pages\/2059"}],"collection":[{"href":"https:\/\/www.zakud-kazup.hr\/index.php?rest_route=\/wp\/v2\/pages"}],"about":[{"href":"https:\/\/www.zakud-kazup.hr\/index.php?rest_route=\/wp\/v2\/types\/page"}],"author":[{"embeddable":true,"href":"https:\/\/www.zakud-kazup.hr\/index.php?rest_route=\/wp\/v2\/users\/2"}],"replies":[{"embeddable":true,"href":"https:\/\/www.zakud-kazup.hr\/index.php?rest_route=%2Fwp%2Fv2%2Fcomments&post=2059"}],"version-history":[{"count":6,"href":"https:\/\/www.zakud-kazup.hr\/index.php?rest_route=\/wp\/v2\/pages\/2059\/revisions"}],"predecessor-version":[{"id":6829,"href":"https:\/\/www.zakud-kazup.hr\/index.php?rest_route=\/wp\/v2\/pages\/2059\/revisions\/6829"}],"up":[{"embeddable":true,"href":"https:\/\/www.zakud-kazup.hr\/index.php?rest_route=\/wp\/v2\/pages\/171"}],"wp:attachment":[{"href":"https:\/\/www.zakud-kazup.hr\/index.php?rest_route=%2Fwp%2Fv2%2Fmedia&parent=2059"}],"curies":[{"name":"wp","href":"https:\/\/api.w.org\/{rel}","templated":true}]}}